{"id":162,"date":"2021-07-05T12:26:58","date_gmt":"2021-07-05T10:26:58","guid":{"rendered":"https:\/\/het-imo.net\/de\/?page_id=162"},"modified":"2026-02-21T10:33:47","modified_gmt":"2026-02-21T09:33:47","slug":"unser-angebot","status":"publish","type":"page","link":"https:\/\/het-imo.net\/de\/unser-angebot\/","title":{"rendered":"UNSER ANGEBOT"},"content":{"rendered":"<p>[et_pb_section fb_built=&#8221;1&#8243; _builder_version=&#8221;4.16&#8243; _module_preset=&#8221;default&#8221; custom_padding=&#8221;21px|||||&#8221; global_colors_info=&#8221;{}&#8221;][et_pb_row _builder_version=&#8221;4.16&#8243; _module_preset=&#8221;default&#8221; global_colors_info=&#8221;{}&#8221;][et_pb_column type=&#8221;4_4&#8243; _builder_version=&#8221;4.16&#8243; _module_preset=&#8221;default&#8221; global_colors_info=&#8221;{}&#8221;][et_pb_text _builder_version=&#8221;4.16&#8243; _module_preset=&#8221;default&#8221; header_font=&#8221;|||on|||||&#8221; header_text_align=&#8221;center&#8221; header_font_size=&#8221;50px&#8221; global_colors_info=&#8221;{}&#8221;]<\/p>\n<h1>unser angebot<\/h1>\n<div id=\"gtx-trans\" style=\"position: absolute; left: -28px; top: -10px;\">\n<div class=\"gtx-trans-icon\"><\/div>\n<\/div>\n<p>[\/et_pb_text][\/et_pb_column][\/et_pb_row][et_pb_row _builder_version=&#8221;4.16&#8243; _module_preset=&#8221;default&#8221; custom_padding=&#8221;0px|||||&#8221; global_colors_info=&#8221;{}&#8221;][et_pb_column type=&#8221;4_4&#8243; _builder_version=&#8221;4.16&#8243; _module_preset=&#8221;default&#8221; global_colors_info=&#8221;{}&#8221;][et_pb_divider color=&#8221;#b84f3c&#8221; divider_weight=&#8221;3px&#8221; _builder_version=&#8221;4.16&#8243; _module_preset=&#8221;default&#8221; custom_margin=&#8221;-6px|||||&#8221; global_colors_info=&#8221;{}&#8221;][\/et_pb_divider][\/et_pb_column][\/et_pb_row][et_pb_row _builder_version=&#8221;4.16&#8243; _module_preset=&#8221;default&#8221; custom_padding=&#8221;2px|||||&#8221; global_colors_info=&#8221;{}&#8221;][et_pb_column type=&#8221;4_4&#8243; _builder_version=&#8221;4.16&#8243; _module_preset=&#8221;default&#8221; global_colors_info=&#8221;{}&#8221;][et_pb_text _builder_version=&#8221;4.16&#8243; _module_preset=&#8221;default&#8221; custom_margin=&#8221;-8px|||||&#8221; global_colors_info=&#8221;{}&#8221;]<\/p>\n<p><span>Auf dieser Seite finden Sie unsere Angebote an Seminaren, Kursen und Weiterbildungen. Neben der Masterclass \u201cHorizontales F\u00fchren\u201d f\u00fcr F\u00fchrungskr\u00e4fte und leitende Angestellte bieten wir weitere Veranstaltungen zum Thema F\u00fchrung und Organisationsentwicklung f\u00fcr Menschen in unterschiedlichen Branchen und beruflichen Rollen an.<\/span><\/p>\n<p>[\/et_pb_text][\/et_pb_column][\/et_pb_row][et_pb_row column_structure=&#8221;1_3,1_3,1_3&#8243; use_custom_gutter=&#8221;on&#8221; gutter_width=&#8221;2&#8243; _builder_version=&#8221;4.16&#8243; _module_preset=&#8221;default&#8221; global_colors_info=&#8221;{}&#8221;][et_pb_column type=&#8221;1_3&#8243; _builder_version=&#8221;4.16&#8243; _module_preset=&#8221;default&#8221; global_colors_info=&#8221;{}&#8221;][et_pb_text _builder_version=&#8221;4.22.1&#8243; _module_preset=&#8221;default&#8221; header_font=&#8221;|600|||||||&#8221; header_2_font=&#8221;|600|||||||&#8221; header_2_font_size=&#8221;20px&#8221; global_colors_info=&#8221;{}&#8221;]<\/p>\n<p><img loading=\"lazy\" decoding=\"async\" src=\"https:\/\/het-imo.net\/de\/wp-content\/uploads\/2021\/07\/we_offer_lernwerkstatt_hf-300x220-1.jpg\" width=\"410\" height=\"300\" alt=\"\" class=\"wp-image-166 alignnone size-full\" srcset=\"https:\/\/het-imo.net\/de\/wp-content\/uploads\/2021\/07\/we_offer_lernwerkstatt_hf-300x220-1.jpg 410w, https:\/\/het-imo.net\/de\/wp-content\/uploads\/2021\/07\/we_offer_lernwerkstatt_hf-300x220-1-300x220.jpg 300w, https:\/\/het-imo.net\/de\/wp-content\/uploads\/2021\/07\/we_offer_lernwerkstatt_hf-300x220-1-24x18.jpg 24w, https:\/\/het-imo.net\/de\/wp-content\/uploads\/2021\/07\/we_offer_lernwerkstatt_hf-300x220-1-36x26.jpg 36w, https:\/\/het-imo.net\/de\/wp-content\/uploads\/2021\/07\/we_offer_lernwerkstatt_hf-300x220-1-48x35.jpg 48w\" sizes=\"(max-width: 410px) 100vw, 410px\" \/><\/p>\n<h2>BERATUNG<\/h2>\n<p><span>Wir beraten Unternehmen und gemeinn\u00fctzige Einrichtungen aus\u00a0allen Branchen zu Fragen, der F\u00fchrung und\u00a0Organisationsentwicklung. Unsere Kunden sind vor allem\u00a0Verantwortungstr\u00e4ger, die Interesse an nachhaltiger Entwicklung in\u00a0ihrer Organisation haben.<\/span><\/p>\n<p>[\/et_pb_text][\/et_pb_column][et_pb_column type=&#8221;1_3&#8243; _builder_version=&#8221;4.16&#8243; _module_preset=&#8221;default&#8221; global_colors_info=&#8221;{}&#8221;][et_pb_text _builder_version=&#8221;4.27.5&#8243; _module_preset=&#8221;default&#8221; header_font=&#8221;|600|||||||&#8221; header_2_font=&#8221;|600|||||||&#8221; header_2_font_size=&#8221;20px&#8221; custom_padding=&#8221;||14px|||&#8221; hover_enabled=&#8221;0&#8243; global_colors_info=&#8221;{}&#8221; sticky_enabled=&#8221;0&#8243;]<\/p>\n<h1><a href=\"https:\/\/het-imo.net\/de\/wp-content\/uploads\/2024\/07\/5988_Materclass_2526_low_-kor.pdf\"><img loading=\"lazy\" decoding=\"async\" src=\"https:\/\/het-imo.net\/de\/wp-content\/uploads\/2021\/07\/Bild-Masterclass-300x220.png\" alt=\"\" class=\"wp-image-171 alignnone size-medium\" width=\"323\" height=\"237\" srcset=\"https:\/\/het-imo.net\/de\/wp-content\/uploads\/2021\/07\/Bild-Masterclass-300x220.png 300w, https:\/\/het-imo.net\/de\/wp-content\/uploads\/2021\/07\/Bild-Masterclass-24x18.png 24w, https:\/\/het-imo.net\/de\/wp-content\/uploads\/2021\/07\/Bild-Masterclass-36x26.png 36w, https:\/\/het-imo.net\/de\/wp-content\/uploads\/2021\/07\/Bild-Masterclass-48x35.png 48w, https:\/\/het-imo.net\/de\/wp-content\/uploads\/2021\/07\/Bild-Masterclass.png 410w\" sizes=\"(max-width: 323px) 100vw, 323px\" \/><\/a><\/h1>\n<h2>MASTERCLASS HORIZONTALES F\u00dcHREN<\/h2>\n<div><span>Wir bieten diese Masterclass f\u00fcr F\u00fchrungskr\u00e4fte an, die ihre eigenen F\u00fchrungsf\u00e4higkeiten systematisch und praxiswirksam weiter entwickeln wollen. \u00a0Ausgehend von den jeweiligen individuellen Entwicklungsfragen hilft sie, einen kr\u00e4ftigen Entwicklungsimpuls in der eigenen Organisationen zu initiieren. Die Masterclass ist auch f\u00fcr erfahrene Berater*innen geeignet.<\/span><\/div>\n<div><span><em><strong>Weiterf\u00fchrende Infos zur Masterclass 26\/27 finden Sie <a href=\"https:\/\/het-imo.net\/de\/wp-content\/uploads\/2026\/02\/aktuell_Folder_Masterclass_2627_Mai_low.pdf\">hier<\/a><\/strong><\/em>.<\/span><\/div>\n<div><span><\/span><\/div>\n<div><span><\/span><\/div>\n<div><span><\/span><\/div>\n<div><span><\/span><\/div>\n<div><span><\/span><\/div>\n<div><span><\/span><\/div>\n<div><span><\/span><\/div>\n<p>[\/et_pb_text][\/et_pb_column][et_pb_column type=&#8221;1_3&#8243; _builder_version=&#8221;4.16&#8243; _module_preset=&#8221;default&#8221; global_colors_info=&#8221;{}&#8221;][et_pb_text _builder_version=&#8221;4.27.4&#8243; _module_preset=&#8221;default&#8221; header_font=&#8221;|600|||||||&#8221; header_2_font=&#8221;|600|||||||&#8221; header_2_font_size=&#8221;20px&#8221; global_colors_info=&#8221;{}&#8221;]<\/p>\n<p><img loading=\"lazy\" decoding=\"async\" src=\"https:\/\/het-imo.net\/de\/wp-content\/uploads\/2021\/07\/weoffer-03-300x220-1.jpg\" width=\"322\" height=\"236\" alt=\"\" class=\"wp-image-40 alignnone size-medium\" \/><\/p>\n<h2><span>KERNQUALIT\u00c4TEN F\u00dcR F\u00dcHRUNGSKR\u00c4FTE<\/span><\/h2>\n<p><span>(Zuk\u00fcnftige) F\u00fchrungskr\u00e4fte k\u00f6nnen in dieser Lern- und Erfahrungswerkstatt an sich selbst und ihren Prozessen arbeiten.<\/span><\/p>\n<p><span>Aktuell gibt es hier zwei Angebote:<\/span><\/p>\n<p><strong><em>&#8220;Kernqualit\u00e4ten guter F\u00fchrung&#8221; im ersten Halbjahr 2025 in Berlin, Weiteres dazu <a href=\"https:\/\/het-imo.net\/de\/wp-content\/uploads\/2024\/12\/IMO-Werkstatt-Kernqualitaeten_Berlin2025.pdf\">hier<\/a>.<\/em><\/strong><\/p>\n<p><strong><em>&#8220;F\u00fchren von Teams und Mitarbeitern&#8221; Fr\u00fchjahr\/Sommer 2025 in Appenweier, Infos dazu <a href=\"https:\/\/het-imo.net\/de\/wp-content\/uploads\/2024\/08\/Fuehren-von-Teams-und-Mitarbeitern-2025.pdf\">hier<\/a>.<\/em><\/strong><\/p>\n<p>[\/et_pb_text][\/et_pb_column][\/et_pb_row][et_pb_row _builder_version=&#8221;4.16&#8243; _module_preset=&#8221;default&#8221; custom_padding=&#8221;5px|||||&#8221; global_colors_info=&#8221;{}&#8221;][et_pb_column type=&#8221;4_4&#8243; _builder_version=&#8221;4.16&#8243; _module_preset=&#8221;default&#8221; global_colors_info=&#8221;{}&#8221;][et_pb_divider _builder_version=&#8221;4.16&#8243; _module_preset=&#8221;default&#8221; global_colors_info=&#8221;{}&#8221;][\/et_pb_divider][\/et_pb_column][\/et_pb_row][et_pb_row column_structure=&#8221;1_3,1_3,1_3&#8243; use_custom_gutter=&#8221;on&#8221; gutter_width=&#8221;2&#8243; _builder_version=&#8221;4.16&#8243; _module_preset=&#8221;default&#8221; custom_padding=&#8221;1px||10px|||&#8221; global_colors_info=&#8221;{}&#8221;][et_pb_column type=&#8221;1_3&#8243; _builder_version=&#8221;4.16&#8243; _module_preset=&#8221;default&#8221; global_colors_info=&#8221;{}&#8221;][et_pb_text _builder_version=&#8221;4.27.4&#8243; _module_preset=&#8221;default&#8221; header_font=&#8221;|600|||||||&#8221; header_2_font=&#8221;|600|||||||&#8221; header_2_font_size=&#8221;20px&#8221; link_option_url=&#8221;https:\/\/het-imo.net\/de\/wp-content\/uploads\/2023\/10\/FHS_FL_Selbstverwaltung_230929_2.pdf&#8221; link_option_url_new_window=&#8221;on&#8221; global_colors_info=&#8221;{}&#8221;]<\/p>\n<h1><a href=\"https:\/\/het-imo.net\/de\/wp-content\/uploads\/2024\/08\/2025-Fuehrung-in-kollegialer-Selbstverwaltung.pdf\" target=\"_blank\" rel=\"noopener\"><img loading=\"lazy\" decoding=\"async\" src=\"https:\/\/het-imo.net\/de\/wp-content\/uploads\/2021\/07\/Bild-Fuhrung-300x220.jpg\" width=\"318\" height=\"233\" alt=\"\" class=\"wp-image-178 alignnone size-medium\" srcset=\"https:\/\/het-imo.net\/de\/wp-content\/uploads\/2021\/07\/Bild-Fuhrung-300x220.jpg 300w, https:\/\/het-imo.net\/de\/wp-content\/uploads\/2021\/07\/Bild-Fuhrung-24x18.jpg 24w, https:\/\/het-imo.net\/de\/wp-content\/uploads\/2021\/07\/Bild-Fuhrung-36x26.jpg 36w, https:\/\/het-imo.net\/de\/wp-content\/uploads\/2021\/07\/Bild-Fuhrung-48x35.jpg 48w, https:\/\/het-imo.net\/de\/wp-content\/uploads\/2021\/07\/Bild-Fuhrung.jpg 410w\" sizes=\"(max-width: 318px) 100vw, 318px\" \/><\/a><\/h1>\n<h2>F\u00dcHRUNG IN DER SELBSTVERWALTUNG<\/h2>\n<p>Diese Fortbildung richtet sich an Lehrer und andere Mitarbeiter an Schulen.<strong><\/strong><\/p>\n<p><em><strong>Weitere Infos zur aktuellen Workshopreihe in 2025 finden Sie <a href=\"https:\/\/het-imo.net\/de\/wp-content\/uploads\/2024\/08\/2025-Fuehrung-in-kollegialer-Selbstverwaltung.pdf\">hier<\/a><\/strong><\/em>.<\/p>\n<div id=\"gtx-trans\" style=\"position: absolute; left: 312px; top: 184.438px;\">\n<div class=\"gtx-trans-icon\"><\/div>\n<\/div>\n<p>[\/et_pb_text][\/et_pb_column][et_pb_column type=&#8221;1_3&#8243; _builder_version=&#8221;4.16&#8243; _module_preset=&#8221;default&#8221; global_colors_info=&#8221;{}&#8221;][et_pb_text _builder_version=&#8221;4.27.4&#8243; _module_preset=&#8221;default&#8221; header_font=&#8221;|600|||||||&#8221; header_2_font=&#8221;|600|||||||&#8221; header_2_font_size=&#8221;20px&#8221; global_colors_info=&#8221;{}&#8221;]<\/p>\n<h1><a href=\"https:\/\/het-imo.net\/de\/wp-content\/uploads\/2024\/08\/Werkstatt-Nord-2024-25.pdf\" target=\"_blank\" rel=\"noopener\"><img loading=\"lazy\" decoding=\"async\" src=\"https:\/\/het-imo.net\/de\/wp-content\/uploads\/2021\/07\/WERKSTATT-FU\u0308HRUNG-UND-ORGANISATION-300x220.jpg\" width=\"327\" height=\"240\" alt=\"\" class=\"wp-image-180 alignnone size-medium\" srcset=\"https:\/\/het-imo.net\/de\/wp-content\/uploads\/2021\/07\/WERKSTATT-FU\u0308HRUNG-UND-ORGANISATION-300x220.jpg 300w, https:\/\/het-imo.net\/de\/wp-content\/uploads\/2021\/07\/WERKSTATT-FU\u0308HRUNG-UND-ORGANISATION-24x18.jpg 24w, https:\/\/het-imo.net\/de\/wp-content\/uploads\/2021\/07\/WERKSTATT-FU\u0308HRUNG-UND-ORGANISATION-36x26.jpg 36w, https:\/\/het-imo.net\/de\/wp-content\/uploads\/2021\/07\/WERKSTATT-FU\u0308HRUNG-UND-ORGANISATION-48x35.jpg 48w, https:\/\/het-imo.net\/de\/wp-content\/uploads\/2021\/07\/WERKSTATT-FU\u0308HRUNG-UND-ORGANISATION.jpg 410w\" sizes=\"(max-width: 327px) 100vw, 327px\" \/><\/a><\/h1>\n<h2>WERKSTATT F\u00dcHRUNG UND ORGANISATION<\/h2>\n<p>Diese Werkstatt richtet sich gezielt an Menschen, die in Landwirtschaft, Verarbeitung und Handel t\u00e4tig sind.<strong><\/strong><\/p>\n<p><em><strong>Das aktuelle Programm 24\/25 finden Sie unter diesem <a href=\"https:\/\/het-imo.net\/de\/wp-content\/uploads\/2024\/08\/Werkstatt-Nord-2024-25.pdf\">Link<\/a><\/strong><\/em>.<\/p>\n<div id=\"gtx-trans\" style=\"position: absolute; left: 312px; top: 184.438px;\">\n<div class=\"gtx-trans-icon\"><\/div>\n<\/div>\n<p>[\/et_pb_text][\/et_pb_column][et_pb_column type=&#8221;1_3&#8243; _builder_version=&#8221;4.16&#8243; _module_preset=&#8221;default&#8221; global_colors_info=&#8221;{}&#8221;][et_pb_text _builder_version=&#8221;4.27.4&#8243; _module_preset=&#8221;default&#8221; header_font=&#8221;|600|||||||&#8221; header_2_font=&#8221;|600|||||||&#8221; header_2_font_size=&#8221;20px&#8221; link_option_url=&#8221;https:\/\/het-imo.net\/de\/unser-angebot\/imo-academy\/&#8221; link_option_url_new_window=&#8221;on&#8221; global_colors_info=&#8221;{}&#8221;]<\/p>\n<h1><img loading=\"lazy\" decoding=\"async\" src=\"https:\/\/het-imo.net\/de\/wp-content\/uploads\/2021\/07\/WERKSTATT-FU\u0308HRUNG-UND-ORGANISATION-300x220.jpg\" width=\"327\" height=\"240\" alt=\"\" class=\"wp-image-180 alignnone size-medium\" srcset=\"https:\/\/het-imo.net\/de\/wp-content\/uploads\/2021\/07\/WERKSTATT-FU\u0308HRUNG-UND-ORGANISATION-300x220.jpg 300w, https:\/\/het-imo.net\/de\/wp-content\/uploads\/2021\/07\/WERKSTATT-FU\u0308HRUNG-UND-ORGANISATION-24x18.jpg 24w, https:\/\/het-imo.net\/de\/wp-content\/uploads\/2021\/07\/WERKSTATT-FU\u0308HRUNG-UND-ORGANISATION-36x26.jpg 36w, https:\/\/het-imo.net\/de\/wp-content\/uploads\/2021\/07\/WERKSTATT-FU\u0308HRUNG-UND-ORGANISATION-48x35.jpg 48w, https:\/\/het-imo.net\/de\/wp-content\/uploads\/2021\/07\/WERKSTATT-FU\u0308HRUNG-UND-ORGANISATION.jpg 410w\" sizes=\"(max-width: 327px) 100vw, 327px\" \/><\/h1>\n<h2>IMO Academy<\/h2>\n<p><span>Die IMO Academy Online verbindet Menschen auf der ganzen Welt, welche den IMO-Ansatz besser kennenlernen wollen.<\/span><\/p>\n<p><strong><em>Die internationale Seite finden Sie unter diesem <a href=\"https:\/\/www.het-imo.net\/academy\/\">Link<\/a>.<\/em><\/strong><\/p>\n<div id=\"gtx-trans\" style=\"position: absolute; left: 312px; top: 184.438px;\">\n<div class=\"gtx-trans-icon\"><\/div>\n<\/div>\n<p>[\/et_pb_text][\/et_pb_column][\/et_pb_row][\/et_pb_section]<\/p>\n","protected":false},"excerpt":{"rendered":"<p>unser angebot Auf dieser Seite finden Sie unsere Angebote an Seminaren, Kursen und Weiterbildungen. Neben der Masterclass \u201cHorizontales F\u00fchren\u201d f\u00fcr F\u00fchrungskr\u00e4fte und leitende Angestellte bieten wir weitere Veranstaltungen zum Thema F\u00fchrung und Organisationsentwicklung f\u00fcr Menschen in unterschiedlichen Branchen und beruflichen Rollen an. BERATUNG Wir beraten Unternehmen und gemeinn\u00fctzige Einrichtungen aus\u00a0allen Branchen zu Fragen, der F\u00fchrung [&hellip;]<\/p>\n","protected":false},"author":1,"featured_media":0,"parent":0,"menu_order":0,"comment_status":"closed","ping_status":"closed","template":"","meta":{"_et_pb_use_builder":"on","_et_pb_old_content":"","_et_gb_content_width":"","footnotes":""},"folder":[14],"class_list":["post-162","page","type-page","status-publish","hentry"],"_links":{"self":[{"href":"https:\/\/het-imo.net\/de\/wp-json\/wp\/v2\/pages\/162","targetHints":{"allow":["GET"]}}],"collection":[{"href":"https:\/\/het-imo.net\/de\/wp-json\/wp\/v2\/pages"}],"about":[{"href":"https:\/\/het-imo.net\/de\/wp-json\/wp\/v2\/types\/page"}],"author":[{"embeddable":true,"href":"https:\/\/het-imo.net\/de\/wp-json\/wp\/v2\/users\/1"}],"replies":[{"embeddable":true,"href":"https:\/\/het-imo.net\/de\/wp-json\/wp\/v2\/comments?post=162"}],"version-history":[{"count":29,"href":"https:\/\/het-imo.net\/de\/wp-json\/wp\/v2\/pages\/162\/revisions"}],"predecessor-version":[{"id":983,"href":"https:\/\/het-imo.net\/de\/wp-json\/wp\/v2\/pages\/162\/revisions\/983"}],"wp:attachment":[{"href":"https:\/\/het-imo.net\/de\/wp-json\/wp\/v2\/media?parent=162"}],"wp:term":[{"taxonomy":"folder","embeddable":true,"href":"https:\/\/het-imo.net\/de\/wp-json\/wp\/v2\/folder?post=162"}],"curies":[{"name":"wp","href":"https:\/\/api.w.org\/{rel}","templated":true}]}}